{"id":21336,"date":"2023-02-16T20:38:11","date_gmt":"2023-02-16T19:38:11","guid":{"rendered":"https:\/\/www.zum-wildbach.de\/udlejning-af-mountainbikes-elcykler-ski-og-kaelke"},"modified":"2026-02-18T11:06:43","modified_gmt":"2026-02-18T10:06:43","slug":"udlejning-af-mountainbikes-elcykler-ski-og-kaelke","status":"publish","type":"page","link":"https:\/\/wildbach.test121085.test-account.com\/da\/udlejning-af-mountainbikes-elcykler-ski-og-kaelke","title":{"rendered":"Udlejning af mountainbikes, elcykler, ski &amp;&nbsp;k\u00e6lke"},"content":{"rendered":"\n<div class=\"wp-block-stackable-columns alignfull stk-block-columns stk-block stk-a858866 stk-block-background holz stk--has-background-overlay\" data-block-id=\"a858866\"><style>.stk-a858866 {background-color:var(--theme-palette-color-8, #dddad2) !important;background-image:url(https:\/\/wildbach.test121085.test-account.com\/wp-content\/uploads\/2023\/02\/1.webp) !important;background-repeat:no-repeat !important;background-size:cover !important;background-blend-mode:luminosity !important;margin-bottom:24px !important;}.stk-a858866:before{background-color:var(--theme-palette-color-8, #dddad2) !important;opacity:0.9 !important;}.stk-a858866-column{--stk-column-gap:120px !important;row-gap:40px !important;}<\/style><style class=\"stk-custom-css\">.stk-a858866.stk-block-columns{overflow:visible !important}<\/style><div class=\"stk-row stk-inner-blocks stk-block-content stk-content-align stk-a858866-column\">\n<div class=\"wp-block-stackable-column stk-block-column stk-column stk-block stk-ae70ac1\" data-v=\"4\" data-block-id=\"ae70ac1\"><style>.stk-ae70ac1-container{margin-top:0px !important;margin-right:0px !important;margin-bottom:0px !important;margin-left:0px !important;}.stk-ae70ac1 {position:relative !important;}<\/style><div class=\"stk-column-wrapper stk-block-column__content stk-container stk-ae70ac1-container stk--no-background stk--no-padding\"><div class=\"stk-block-content stk-inner-blocks stk-ae70ac1-inner-blocks\"><div class=\"tpgb-empty-space tpgb-block-45bc67_46 \"><\/div>\n\n\n<div class=\"wp-block-stackable-heading stk-block-heading stk-block-heading--v2 stk-block stk-d0a7517\" id=\"verleih-von-mountainbikes-e-bikes-langlauf-ski-amp-schlit-ten\" data-block-id=\"d0a7517\"><style>.stk-d0a7517 {max-width:600px !important;min-width:auto !important;margin-bottom:0px !important;}<\/style><h1 class=\"stk-block-heading__text stk-block-heading--use-theme-margins\">Udlejning af mountainbikes, elcykler, langrendsski &amp;&nbsp;k\u00e6lke<\/h1><\/div>\n\n\n\n<div class=\"wp-block-stackable-heading stk-block-heading stk-block-heading--v2 stk-block stk-a90bbf5\" id=\"unsere-verleihstation-halt-je-nach-jahreszeit-verschiedene-angebote-fur-sie-vor\" data-block-id=\"a90bbf5\"><h4 class=\"stk-block-heading__text\">Vores udlejningsstation har forskellige tilbud til dig afh\u00e6ngigt af \u00e5rstiden.<\/h4><\/div>\n\n\n<div class=\"tpgb-empty-space tpgb-block-4db55f_46 \"><\/div>\n\n\n<div class=\"wp-block-stackable-columns stk-block-columns stk-block stk-555ab2a\" data-block-id=\"555ab2a\"><style>.stk-555ab2a {border-radius:3px !important;margin-bottom:0px !important;overflow:visible !important;}.stk-555ab2a .stk-container{overflow:visible !important;}.stk-555ab2a-column{--stk-column-gap:60px !important;row-gap:40px !important;}<\/style><div class=\"stk-row stk-inner-blocks stk-block-content stk-content-align stk-555ab2a-column\">\n<div class=\"wp-block-stackable-column stk-block-column stk-column stk-block stk-653fc6f\" data-v=\"4\" data-block-id=\"653fc6f\"><style>.stk-653fc6f-container{margin-top:0px !important;margin-right:0px !important;margin-bottom:0px !important;margin-left:0px !important;}.stk-653fc6f {position:relative !important;overflow:visible !important;}.stk-653fc6f .stk-container{overflow:visible !important;}@media screen and (min-width:690px){.stk-653fc6f {flex:var(--stk-flex-grow, 1) 1 calc(75% - var(--stk-column-gap, 0px) * 1 \/ 2 ) !important;}}@media screen and (min-width:690px) and (max-width:998px){.stk-653fc6f {flex:var(--stk-flex-grow, 1) 1 calc(100% - var(--stk-column-gap, 0px) * 0 \/ 1 ) !important;}}<\/style><div class=\"stk-column-wrapper stk-block-column__content stk-container stk-653fc6f-container stk--no-background stk--no-padding\"><div class=\"stk-block-content stk-inner-blocks stk-653fc6f-inner-blocks\">\n<div class=\"wp-block-stackable-columns stk-block-columns stk-block stk-a4613f5\" data-block-id=\"a4613f5\"><style>.stk-a4613f5 {margin-bottom:0px !important;}<\/style><div class=\"stk-row stk-inner-blocks stk-block-content stk-content-align stk-a4613f5-column\">\n<div class=\"wp-block-stackable-column stk-block-column stk-column stk-block stk-d3503b0 kolumnen\" data-v=\"4\" data-block-id=\"d3503b0\"><div class=\"stk-column-wrapper stk-block-column__content stk-container stk-d3503b0-container stk--no-background stk--no-padding\"><div class=\"stk-block-content stk-inner-blocks stk-d3503b0-inner-blocks\">\n<p>Alt efter \u00e5rstid og vejr stiller vi forskel\u00adlige <strong>mountain\u00adbi\u00adkes &amp; e\u2011mountainbikes<\/strong>, <strong>e\u2011trekkingcykler, vandre\u00adstave<\/strong> eller <strong>langrends\u00adski &amp; k\u00e6lke<\/strong> til r\u00e5dig\u00adhed for en uforg\u00adlem\u00adme\u00adlig sport\u00ads\u00adlig&nbsp;dag.<\/p>\n\n\n\n<p>Derud\u00adover kan du leje <strong>trailere<\/strong> til b\u00f8rn eller firbe\u00adnede venner samt <strong>tr\u00e6kvogne<\/strong>. <strong>Cykel- og vandre\u00adkort<\/strong> kan ogs\u00e5 k\u00f8bes hos&nbsp;os.<\/p>\n<\/div><\/div><\/div>\n<\/div><\/div>\n\n\n<div class=\"tpgb-empty-space tpgb-block-adb196_46 \"><\/div>\n\n\n<div class=\"wp-block-stackable-icon-box stk-block-icon-box stk-block stk-af03073\" data-v=\"2\" data-block-id=\"af03073\"><style>.stk-af03073 {border-top-left-radius:3px !important;border-top-right-radius:3px !important;border-bottom-right-radius:3px !important;border-bottom-left-radius:3px !important;overflow:hidden !important;}.stk-af03073-container{background-color:var(--theme-palette-color-1, #dfa516) !important;}.stk-af03073-container:before{background-color:var(--theme-palette-color-1, #dfa516) !important;}.stk-af03073 .stk-block-icon-box__content{padding-top:6% !important;padding-right:12% !important;padding-bottom:6% !important;padding-left:6% !important;}<\/style><div class=\"stk-block-content stk-inner-blocks stk-block-icon-box__content stk-container stk-af03073-container stk-hover-parent\">\n<div class=\"wp-block-stackable-icon-label stk-block-icon-label stk-block stk-2c492c0\" data-block-id=\"2c492c0\"><style>.stk-2c492c0 .stk-inner-blocks{gap:24px !important;}.stk-2c492c0 {margin-bottom:0px !important;}@media screen and (max-width:998px){.stk-2c492c0 .stk-inner-blocks{gap:24px !important;}}@media screen and (max-width:689px){.stk-2c492c0 .stk-inner-blocks{gap:24px !important;}}<\/style><div class=\"stk-row stk-inner-blocks stk-block-content\">\n<div class=\"wp-block-stackable-icon stk-block-icon has-text-align-left stk-block stk-6fa5891\" data-block-id=\"6fa5891\"><style>.stk-6fa5891 .stk--svg-wrapper .stk--inner-svg svg:last-child{height:40px !important;width:40px !important;}.stk-6fa5891 .stk--svg-wrapper .stk--inner-svg svg:last-child, .stk-6fa5891 .stk--svg-wrapper .stk--inner-svg svg:last-child :is(g, path, rect, polygon, ellipse){fill:var(--theme-palette-color-7, #ffffff) !important;}<\/style><span class=\"stk--svg-wrapper\"><div class=\"stk--inner-svg\"><svg style=\"height:0;width:0\"><defs><linearGradient id=\"linear-gradient-6fa5891\" x1=\"0\" x2=\"100%\" y1=\"0\" y2=\"0\"><stop offset=\"0%\" style=\"stop-opacity:1;stop-color:var(--linear-gradient-6-fa-5891-color-1)\" \/><stop offset=\"100%\" style=\"stop-opacity:1;stop-color:var(--linear-gradient-6-fa-5891-color-2)\" \/><\/linearGradient><\/defs><\/svg><svg viewBox=\"0 0 640 512\" aria-hidden=\"true\" width=\"32\" height=\"32\"><path d=\"M400 96a48 48 0 1 0-48-48 48 48 0 0 0 48 48zm-4 121a31.9 31.9 0 0 0 20 7h64a32 32 0 0 0 0-64h-52.78L356 103a31.94 31.94 0 0 0-40.81.68l-112 96a32 32 0 0 0 3.08 50.92L288 305.12V416a32 32 0 0 0 64 0V288a32 32 0 0 0-14.25-26.62l-41.36-27.57 58.25-49.92zm116 39a128 128 0 1 0 128 128 128 128 0 0 0-128-128zm0 192a64 64 0 1 1 64-64 64 64 0 0 1-64 64zM128 256a128 128 0 1 0 128 128 128 128 0 0 0-128-128zm0 192a64 64 0 1 1 64-64 64 64 0 0 1-64 64z\" \/><\/svg><\/div><\/span><\/div>\n\n\n\n<div class=\"wp-block-stackable-heading stk-block-heading stk-block-heading--v2 stk-block stk-e58d7ae\" id=\"bikes-bitte-beachten\" data-block-id=\"e58d7ae\"><h4 class=\"stk-block-heading__text\">Cykler \u2013 Bem\u00e6rk venligst<\/h4><\/div>\n<\/div><\/div>\n\n\n\n<p>Vores udlej\u00adning har \u00e5bent <strong>mandag \u2013 s\u00f8ndag <\/strong>fra <strong>kl. 8.30 \u2013 17.00<\/strong>.<\/p>\n\n\n\n<p>Der opkr\u00e6\u00adves et deposi\u00adtum p\u00e5 25 euro i kontan\u00adter pr. cykel \/ trailer p\u00e5 stedet. Et gyldigt id-kort \/ pas er p\u00e5kr\u00e6\u00advet for&nbsp;leje.&nbsp;<\/p>\n\n\n\n<h5 class=\"wp-block-heading\"><strong>Online booking:<\/strong><\/h5>\n\n\n\n<p><strong>Du kan ogs\u00e5 bruge vores online\u00adbook\u00ading til cyklerne.<\/strong><\/p>\n\n\n\n<p>For at se de tilg\u00e6n\u00adge\u00adlige cykler skal du f\u00f8rst v\u00e6lge afhent\u00adnings- og afleve\u00adrings\u00addato. Du finder en anbefa\u00adling af, hvilken stelst\u00f8r\u00adrelse du har brug for, under de enkelte cykler. Den p\u00e5g\u00e6l\u00addende kalen\u00adder\u00addag anses for at v\u00e6re lejedagen.<\/p>\n<\/div><\/div>\n\n\n\n<div class=\"wp-block-stackable-icon-box stk-block-icon-box stk-block stk-64c2973\" data-v=\"2\" data-block-id=\"64c2973\"><style>.stk-64c2973 {border-top-left-radius:3px !important;border-top-right-radius:3px !important;border-bottom-right-radius:3px !important;border-bottom-left-radius:3px !important;overflow:hidden !important;}.stk-64c2973-container{background-color:#81b4b4 !important;}.stk-64c2973-container:before{background-color:#81b4b4 !important;}.stk-64c2973 .stk-block-icon-box__content{padding-top:6% !important;padding-right:12% !important;padding-bottom:6% !important;padding-left:6% !important;}<\/style><div class=\"stk-block-content stk-inner-blocks stk-block-icon-box__content stk-container stk-64c2973-container stk-hover-parent\">\n<div class=\"wp-block-stackable-icon-label stk-block-icon-label stk-block stk-3b923dd\" data-block-id=\"3b923dd\"><style>.stk-3b923dd .stk-inner-blocks{gap:24px !important;}.stk-3b923dd {margin-bottom:0px !important;}@media screen and (max-width:998px){.stk-3b923dd .stk-inner-blocks{gap:24px !important;}}@media screen and (max-width:689px){.stk-3b923dd .stk-inner-blocks{gap:24px !important;}}<\/style><div class=\"stk-row stk-inner-blocks stk-block-content\">\n<div class=\"wp-block-stackable-icon stk-block-icon has-text-align-left stk-block stk-1ea1e49\" data-block-id=\"1ea1e49\"><style>.stk-1ea1e49 .stk--svg-wrapper .stk--inner-svg svg:last-child{height:40px !important;width:40px !important;}.stk-1ea1e49 .stk--svg-wrapper .stk--inner-svg svg:last-child, .stk-1ea1e49 .stk--svg-wrapper .stk--inner-svg svg:last-child :is(g, path, rect, polygon, ellipse){fill:var(--theme-palette-color-7, #ffffff) !important;}<\/style><span class=\"stk--svg-wrapper\"><div class=\"stk--inner-svg\"><svg style=\"height:0;width:0\"><defs><linearGradient id=\"linear-gradient-1ea1e49\" x1=\"0\" x2=\"100%\" y1=\"0\" y2=\"0\"><stop offset=\"0%\" style=\"stop-opacity:1;stop-color:var(--linear-gradient-1-ea-1-e-49-color-1)\" \/><stop offset=\"100%\" style=\"stop-opacity:1;stop-color:var(--linear-gradient-1-ea-1-e-49-color-2)\" \/><\/linearGradient><\/defs><\/svg><svg viewBox=\"0 0 448 512\" aria-hidden=\"true\" width=\"32\" height=\"32\"><path d=\"M440.3 345.2l-33.8-19.5 26-7c8.2-2.2 13.1-10.7 10.9-18.9l-4-14.9c-2.2-8.2-10.7-13.1-18.9-10.9l-70.8 19-63.9-37 63.8-36.9 70.8 19c8.2 2.2 16.7-2.7 18.9-10.9l4-14.9c2.2-8.2-2.7-16.7-10.9-18.9l-26-7 33.8-19.5c7.4-4.3 9.9-13.7 5.7-21.1L430.4 119c-4.3-7.4-13.7-9.9-21.1-5.7l-33.8 19.5 7-26c2.2-8.2-2.7-16.7-10.9-18.9l-14.9-4c-8.2-2.2-16.7 2.7-18.9 10.9l-19 70.8-62.8 36.2v-77.5l53.7-53.7c6.2-6.2 6.2-16.4 0-22.6l-11.3-11.3c-6.2-6.2-16.4-6.2-22.6 0L256 56.4V16c0-8.8-7.2-16-16-16h-32c-8.8 0-16 7.2-16 16v40.4l-19.7-19.7c-6.2-6.2-16.4-6.2-22.6 0L138.3 48c-6.3 6.2-6.3 16.4 0 22.6l53.7 53.7v77.5l-62.8-36.2-19-70.8c-2.2-8.2-10.7-13.1-18.9-10.9l-14.9 4c-8.2 2.2-13.1 10.7-10.9 18.9l7 26-33.8-19.5c-7.4-4.3-16.8-1.7-21.1 5.7L2.1 145.7c-4.3 7.4-1.7 16.8 5.7 21.1l33.8 19.5-26 7c-8.3 2.2-13.2 10.7-11 19l4 14.9c2.2 8.2 10.7 13.1 18.9 10.9l70.8-19 63.8 36.9-63.8 36.9-70.8-19c-8.2-2.2-16.7 2.7-18.9 10.9l-4 14.9c-2.2 8.2 2.7 16.7 10.9 18.9l26 7-33.8 19.6c-7.4 4.3-9.9 13.7-5.7 21.1l15.5 26.8c4.3 7.4 13.7 9.9 21.1 5.7l33.8-19.5-7 26c-2.2 8.2 2.7 16.7 10.9 18.9l14.9 4c8.2 2.2 16.7-2.7 18.9-10.9l19-70.8 62.8-36.2v77.5l-53.7 53.7c-6.3 6.2-6.3 16.4 0 22.6l11.3 11.3c6.2 6.2 16.4 6.2 22.6 0l19.7-19.7V496c0 8.8 7.2 16 16 16h32c8.8 0 16-7.2 16-16v-40.4l19.7 19.7c6.2 6.2 16.4 6.2 22.6 0l11.3-11.3c6.2-6.2 6.2-16.4 0-22.6L256 387.7v-77.5l62.8 36.2 19 70.8c2.2 8.2 10.7 13.1 18.9 10.9l14.9-4c8.2-2.2 13.1-10.7 10.9-18.9l-7-26 33.8 19.5c7.4 4.3 16.8 1.7 21.1-5.7l15.5-26.8c4.3-7.3 1.8-16.8-5.6-21z\" \/><\/svg><\/div><\/span><\/div>\n\n\n\n<div class=\"wp-block-stackable-heading stk-block-heading stk-block-heading--v2 stk-block stk-c1b844f\" id=\"ski-amp-schlitten-bitte-beachten\" data-block-id=\"c1b844f\"><h4 class=\"stk-block-heading__text\">Ski &amp; k\u00e6lk: Bem\u00e6rk venligst<\/h4><\/div>\n<\/div><\/div>\n\n\n\n<div class=\"wp-block-stackable-text stk-block-text stk-block stk-b8cc697\" data-block-id=\"b8cc697\"><style>.stk-b8cc697 {max-width:588px !important;min-width:auto !important;}<\/style><p class=\"stk-block-text__text\">Vores <strong>langrends\u00adski og k\u00e6lke<\/strong> kan du leje <strong>p\u00e5 stedet<\/strong> hos os <strong>mandag \u2013 s\u00f8ndag<\/strong> fra <strong>kl. 9 til 17<\/strong>, n\u00e5r der er tilstr\u00e6k\u00adke\u00adligt med&nbsp;sne.&nbsp;<\/p><\/div>\n\n\n\n<div class=\"wp-block-stackable-columns stk-block-columns stk-block stk-2b1ab9f\" data-block-id=\"2b1ab9f\"><style>.stk-2b1ab9f {margin-left:-48px !important;}.stk-2b1ab9f-column{max-width:1500px !important;min-width:auto !important;--stk-columns-spacing:0px !important;--stk-column-gap:33px !important;row-gap:24px !important;justify-content:flex-start !important;}<\/style><div class=\"stk-row stk-inner-blocks stk-block-content stk-content-align stk-2b1ab9f-column stk--flex\">\n<div class=\"wp-block-stackable-column stk-block-column stk-column stk-block stk-845ee00\" data-v=\"4\" data-block-id=\"845ee00\"><style>.stk-845ee00-inner-blocks{align-items:flex-start !important;}<\/style><div class=\"stk-column-wrapper stk-block-column__content stk-container stk-845ee00-container stk--no-background stk--no-padding\"><div class=\"stk--column-flex stk-block-content stk-inner-blocks stk-845ee00-inner-blocks\"><lord-icon src=\"https:\/\/wildbach.test121085.test-account.com\/wp-content\/uploads\/2026\/02\/wired-outline-1798-cross-country-skiing-hover-pinch.json\" trigger=\"loop\" style=\"width:200px;height:200px;\"><\/lord-icon><\/div><\/div><\/div>\n\n\n\n<div class=\"wp-block-stackable-column stk-block-column stk-column stk-block stk-1b520a8\" data-v=\"4\" data-block-id=\"1b520a8\"><style>.stk-1b520a8 {align-self:flex-end !important;}<\/style><div class=\"stk-column-wrapper stk-block-column__content stk-container stk-1b520a8-container stk--no-background stk--no-padding\"><div class=\"stk-block-content stk-inner-blocks stk-1b520a8-inner-blocks\">\n<div class=\"wp-block-stackable-icon-list stk-block-icon-list stk-block stk-e67e163\" data-block-id=\"e67e163\"><style>.stk-e67e163 {--stk-icon-list-row-gap:18px !important;--stk-icon-list-marker-color:var(--theme-palette-color-7, #ffffff) !important;--stk-icon-list-icon-size:16px !important;}.stk-e67e163 .stk-block-icon-list-item__content{align-items:baseline !important;}<\/style><svg style=\"display:none\"><defs><g id=\"stk-icon-list__icon-svg-def-e67e163\"><svg viewBox=\"0 0 190 190\"><polygon points=\"173.8,28.4 60.4,141.8 15.7,97.2 5.1,107.8 60.4,163 184.4,39 173.8,28.4\" \/><\/svg><\/g><\/defs><\/svg><ul class=\"stk-block-icon-list__ul stk-block-icon-list--column\">\n<li class=\"wp-block-stackable-icon-list-item stk-block-icon-list-item stk-block stk-055cba9\" data-block-id=\"055cba9\"><div class=\"stk-block-icon-list-item__content\"><span class=\"stk--svg-wrapper\"><div class=\"stk--inner-svg\"><svg aria-hidden=\"true\" width=\"32\" height=\"32\"><use xlink:href=\"#stk-icon-list__icon-svg-def-e67e163\" xmlns:xlink=\"http:\/\/www.w3.org\/1999\/xlink\" \/><\/svg><\/div><\/span><span class=\"stk-block-icon-list-item__text\"><strong>Langrends\u00adski <\/strong><br>med st\u00f8vler og stave <br><em>12,50&nbsp;\u20ac pr. kalenderdag<\/em><\/span><\/div><\/li>\n\n\n\n<li class=\"wp-block-stackable-icon-list-item stk-block-icon-list-item stk-block stk-f097a9e\" data-block-id=\"f097a9e\"><div class=\"stk-block-icon-list-item__content\"><span class=\"stk--svg-wrapper\"><div class=\"stk--inner-svg\"><svg aria-hidden=\"true\" width=\"32\" height=\"32\"><use xlink:href=\"#stk-icon-list__icon-svg-def-e67e163\" xmlns:xlink=\"http:\/\/www.w3.org\/1999\/xlink\" \/><\/svg><\/div><\/span><span class=\"stk-block-icon-list-item__text\"><strong>K\u00e6lke<\/strong><br> <em>5,00&nbsp;\u20ac pr. kalenderdag<\/em><\/span><\/div><\/li>\n<\/ul><\/div>\n<\/div><\/div><\/div>\n<\/div><\/div>\n\n\n\n<p>Det vil v\u00e6re en hj\u00e6lp, hvis du ogs\u00e5 oplyser din h\u00f8jde og skost\u00f8rrelse.<\/p>\n<\/div><\/div>\n\n\n<div class=\"tpgb-empty-space tpgb-block-242a9a_46 \"><\/div>\n\n\n<div class=\"wp-block-group rentware is-layout-constrained wp-block-group-is-layout-constrained\">\n<script type=\"module\" src=\"https:\/\/cdn.rtr-io.com\/widgets.js\"><\/script>\n<script>\nwindow.RTR_ACCESS_TOKEN = 'Wce12a32dc14c40cb0ec7afb4d620703b';\nwindow.RTR_LOCALE = 'de-DE';\n<\/script>\n\n<rtr-checkout><\/rtr-checkout>\n<rtr-search view=\"default\" show-location=\"on\" search-results=\"extended\" results-on-scroll=\"5\" class=\"rentware\"><\/rtr-search>\n\n\n<\/div>\n<\/div><\/div><\/div>\n\n\n\n<div class=\"wp-block-stackable-column stk-block-column stk-column stk-block stk-c90a7e2\" data-v=\"4\" data-block-id=\"c90a7e2\"><style>.stk-c90a7e2-container{margin-top:0px !important;margin-right:0px !important;margin-bottom:0px !important;margin-left:0px !important;background-color:transparent !important;border-top-left-radius:3px !important;border-top-right-radius:3px !important;border-bottom-right-radius:3px !important;border-bottom-left-radius:3px !important;overflow:hidden !important;box-shadow:none !important;padding-top:0px !important;padding-right:0px !important;padding-bottom:0px !important;padding-left:0px !important;}.stk-c90a7e2 {align-self:flex-start !important;top:150px !important;position:sticky !important;z-index:0 !important;}.stk-c90a7e2-container:before{background-color:transparent !important;}@media screen and (min-width:690px){.stk-c90a7e2 {flex:var(--stk-flex-grow, 1) 1 calc(25% - var(--stk-column-gap, 0px) * 1 \/ 2 ) !important;}}@media screen and (min-width:690px) and (max-width:998px){.stk-c90a7e2 {flex:var(--stk-flex-grow, 1) 1 calc(100% - var(--stk-column-gap, 0px) * 0 \/ 1 ) !important;}}@media screen and (max-width:998px){.stk-c90a7e2 {top:0px !important;position:relative !important;}}<\/style><div class=\"stk-column-wrapper stk-block-column__content stk-container stk-c90a7e2-container stk-hover-parent\"><div class=\"stk-block-content stk-inner-blocks stk-c90a7e2-inner-blocks\">\n<figure class=\"wp-block-gallery has-nested-images columns-2 is-cropped wp-block-gallery-1 is-layout-flex wp-block-gallery-is-layout-flex\">\n<figure class=\"wp-block-image size-large\"><a href=\"https:\/\/wildbach.test121085.test-account.com\/wp-content\/uploads\/2025\/06\/zum-wildbach_schierke_brocken_fahrradverleih_20230915_131036-1024x576.jpg\"><img decoding=\"async\" width=\"1024\" height=\"576\" data-id=\"57330\" src=\"https:\/\/wildbach.test121085.test-account.com\/wp-content\/uploads\/2025\/06\/zum-wildbach_schierke_brocken_fahrradverleih_20230915_131036-1024x576.jpg\" alt=\"Sort mountainbike p\u00e5 parkeret fortov.\" class=\"wp-image-57330\" srcset=\"https:\/\/wildbach.test121085.test-account.com\/wp-content\/uploads\/2025\/06\/zum-wildbach_schierke_brocken_fahrradverleih_20230915_131036-1024x576.jpg 1024w, https:\/\/wildbach.test121085.test-account.com\/wp-content\/uploads\/2025\/06\/zum-wildbach_schierke_brocken_fahrradverleih_20230915_131036-300x169.jpg 300w, https:\/\/wildbach.test121085.test-account.com\/wp-content\/uploads\/2025\/06\/zum-wildbach_schierke_brocken_fahrradverleih_20230915_131036-768x432.jpg 768w, https:\/\/wildbach.test121085.test-account.com\/wp-content\/uploads\/2025\/06\/zum-wildbach_schierke_brocken_fahrradverleih_20230915_131036-1536x864.jpg 1536w, https:\/\/wildbach.test121085.test-account.com\/wp-content\/uploads\/2025\/06\/zum-wildbach_schierke_brocken_fahrradverleih_20230915_131036-2048x1152.jpg 2048w, https:\/\/wildbach.test121085.test-account.com\/wp-content\/uploads\/2025\/06\/zum-wildbach_schierke_brocken_fahrradverleih_20230915_131036-206x116.jpg 206w\" sizes=\"(max-width: 1024px) 100vw, 1024px\"><\/a><\/figure>\n\n\n\n<figure class=\"wp-block-image size-large\"><a href=\"https:\/\/wildbach.test121085.test-account.com\/wp-content\/uploads\/2025\/06\/zum-wildbach_schierke_brocken_fahrradverleih_20230915_130956-1024x576.jpg\"><img decoding=\"async\" width=\"1024\" height=\"576\" data-id=\"57326\" src=\"https:\/\/wildbach.test121085.test-account.com\/wp-content\/uploads\/2025\/06\/zum-wildbach_schierke_brocken_fahrradverleih_20230915_130956-1024x576.jpg\" alt=\"Mountainbike p\u00e5 sti ved siden af gr\u00e6s\" class=\"wp-image-57326\" srcset=\"https:\/\/wildbach.test121085.test-account.com\/wp-content\/uploads\/2025\/06\/zum-wildbach_schierke_brocken_fahrradverleih_20230915_130956-1024x576.jpg 1024w, https:\/\/wildbach.test121085.test-account.com\/wp-content\/uploads\/2025\/06\/zum-wildbach_schierke_brocken_fahrradverleih_20230915_130956-300x169.jpg 300w, https:\/\/wildbach.test121085.test-account.com\/wp-content\/uploads\/2025\/06\/zum-wildbach_schierke_brocken_fahrradverleih_20230915_130956-768x432.jpg 768w, https:\/\/wildbach.test121085.test-account.com\/wp-content\/uploads\/2025\/06\/zum-wildbach_schierke_brocken_fahrradverleih_20230915_130956-1536x864.jpg 1536w, https:\/\/wildbach.test121085.test-account.com\/wp-content\/uploads\/2025\/06\/zum-wildbach_schierke_brocken_fahrradverleih_20230915_130956-2048x1152.jpg 2048w, https:\/\/wildbach.test121085.test-account.com\/wp-content\/uploads\/2025\/06\/zum-wildbach_schierke_brocken_fahrradverleih_20230915_130956-206x116.jpg 206w\" sizes=\"(max-width: 1024px) 100vw, 1024px\"><\/a><\/figure>\n\n\n\n<figure class=\"wp-block-image size-large\"><a href=\"https:\/\/wildbach.test121085.test-account.com\/wp-content\/uploads\/2025\/06\/zum-wildbach_schierke_brocken_fahrradverleih_20230915_130739-1024x576.jpg\"><img decoding=\"async\" width=\"1024\" height=\"576\" data-id=\"57322\" src=\"https:\/\/wildbach.test121085.test-account.com\/wp-content\/uploads\/2025\/06\/zum-wildbach_schierke_brocken_fahrradverleih_20230915_130739-1024x576.jpg\" alt=\"Mountainbike st\u00e5r p\u00e5 fortov, gr\u00f8nne tr\u00e6er i baggrunden.\" class=\"wp-image-57322\" srcset=\"https:\/\/wildbach.test121085.test-account.com\/wp-content\/uploads\/2025\/06\/zum-wildbach_schierke_brocken_fahrradverleih_20230915_130739-1024x576.jpg 1024w, https:\/\/wildbach.test121085.test-account.com\/wp-content\/uploads\/2025\/06\/zum-wildbach_schierke_brocken_fahrradverleih_20230915_130739-300x169.jpg 300w, https:\/\/wildbach.test121085.test-account.com\/wp-content\/uploads\/2025\/06\/zum-wildbach_schierke_brocken_fahrradverleih_20230915_130739-768x432.jpg 768w, https:\/\/wildbach.test121085.test-account.com\/wp-content\/uploads\/2025\/06\/zum-wildbach_schierke_brocken_fahrradverleih_20230915_130739-1536x864.jpg 1536w, https:\/\/wildbach.test121085.test-account.com\/wp-content\/uploads\/2025\/06\/zum-wildbach_schierke_brocken_fahrradverleih_20230915_130739-2048x1152.jpg 2048w, https:\/\/wildbach.test121085.test-account.com\/wp-content\/uploads\/2025\/06\/zum-wildbach_schierke_brocken_fahrradverleih_20230915_130739-206x116.jpg 206w\" sizes=\"(max-width: 1024px) 100vw, 1024px\"><\/a><\/figure>\n\n\n\n<figure class=\"wp-block-image size-large\"><a href=\"https:\/\/wildbach.test121085.test-account.com\/wp-content\/uploads\/2025\/06\/zum-wildbach_schierke_brocken_fahrradverleih_20230915_130546-1024x576.jpg\"><img decoding=\"async\" width=\"1024\" height=\"576\" data-id=\"57318\" src=\"https:\/\/wildbach.test121085.test-account.com\/wp-content\/uploads\/2025\/06\/zum-wildbach_schierke_brocken_fahrradverleih_20230915_130546-1024x576.jpg\" alt=\"Elcykel p\u00e5 brolagt vej foran gr\u00f8n baggrund.\" class=\"wp-image-57318\" srcset=\"https:\/\/wildbach.test121085.test-account.com\/wp-content\/uploads\/2025\/06\/zum-wildbach_schierke_brocken_fahrradverleih_20230915_130546-1024x576.jpg 1024w, https:\/\/wildbach.test121085.test-account.com\/wp-content\/uploads\/2025\/06\/zum-wildbach_schierke_brocken_fahrradverleih_20230915_130546-300x169.jpg 300w, https:\/\/wildbach.test121085.test-account.com\/wp-content\/uploads\/2025\/06\/zum-wildbach_schierke_brocken_fahrradverleih_20230915_130546-768x432.jpg 768w, https:\/\/wildbach.test121085.test-account.com\/wp-content\/uploads\/2025\/06\/zum-wildbach_schierke_brocken_fahrradverleih_20230915_130546-1536x864.jpg 1536w, https:\/\/wildbach.test121085.test-account.com\/wp-content\/uploads\/2025\/06\/zum-wildbach_schierke_brocken_fahrradverleih_20230915_130546-2048x1152.jpg 2048w, https:\/\/wildbach.test121085.test-account.com\/wp-content\/uploads\/2025\/06\/zum-wildbach_schierke_brocken_fahrradverleih_20230915_130546-206x116.jpg 206w\" sizes=\"(max-width: 1024px) 100vw, 1024px\"><\/a><\/figure>\n\n\n\n<figure class=\"wp-block-image size-large\"><a href=\"https:\/\/wildbach.test121085.test-account.com\/wp-content\/uploads\/2025\/06\/zum-wildbach_schierke_brocken_fahrradverleih_20230915_130251-1024x576.jpg\"><img decoding=\"async\" width=\"1024\" height=\"576\" data-id=\"57314\" src=\"https:\/\/wildbach.test121085.test-account.com\/wp-content\/uploads\/2025\/06\/zum-wildbach_schierke_brocken_fahrradverleih_20230915_130251-1024x576.jpg\" alt=\"Hvid cykel p\u00e5 brolagt sti i det gr\u00f8nne.\" class=\"wp-image-57314\" srcset=\"https:\/\/wildbach.test121085.test-account.com\/wp-content\/uploads\/2025\/06\/zum-wildbach_schierke_brocken_fahrradverleih_20230915_130251-1024x576.jpg 1024w, https:\/\/wildbach.test121085.test-account.com\/wp-content\/uploads\/2025\/06\/zum-wildbach_schierke_brocken_fahrradverleih_20230915_130251-300x169.jpg 300w, https:\/\/wildbach.test121085.test-account.com\/wp-content\/uploads\/2025\/06\/zum-wildbach_schierke_brocken_fahrradverleih_20230915_130251-768x432.jpg 768w, https:\/\/wildbach.test121085.test-account.com\/wp-content\/uploads\/2025\/06\/zum-wildbach_schierke_brocken_fahrradverleih_20230915_130251-1536x864.jpg 1536w, https:\/\/wildbach.test121085.test-account.com\/wp-content\/uploads\/2025\/06\/zum-wildbach_schierke_brocken_fahrradverleih_20230915_130251-2048x1152.jpg 2048w, https:\/\/wildbach.test121085.test-account.com\/wp-content\/uploads\/2025\/06\/zum-wildbach_schierke_brocken_fahrradverleih_20230915_130251-206x116.jpg 206w\" sizes=\"(max-width: 1024px) 100vw, 1024px\"><\/a><\/figure>\n\n\n\n<figure class=\"wp-block-image size-large\"><a href=\"https:\/\/wildbach.test121085.test-account.com\/wp-content\/uploads\/2025\/06\/zum-wildbach_schierke_brocken_fahrradverleih_20230914_140655-1024x576.jpg\"><img decoding=\"async\" width=\"1024\" height=\"576\" data-id=\"57310\" src=\"https:\/\/wildbach.test121085.test-account.com\/wp-content\/uploads\/2025\/06\/zum-wildbach_schierke_brocken_fahrradverleih_20230914_140655-1024x576.jpg\" alt=\"Mountainbike parkeret i det gr\u00f8nne\" class=\"wp-image-57310\" srcset=\"https:\/\/wildbach.test121085.test-account.com\/wp-content\/uploads\/2025\/06\/zum-wildbach_schierke_brocken_fahrradverleih_20230914_140655-1024x576.jpg 1024w, https:\/\/wildbach.test121085.test-account.com\/wp-content\/uploads\/2025\/06\/zum-wildbach_schierke_brocken_fahrradverleih_20230914_140655-300x169.jpg 300w, https:\/\/wildbach.test121085.test-account.com\/wp-content\/uploads\/2025\/06\/zum-wildbach_schierke_brocken_fahrradverleih_20230914_140655-768x432.jpg 768w, https:\/\/wildbach.test121085.test-account.com\/wp-content\/uploads\/2025\/06\/zum-wildbach_schierke_brocken_fahrradverleih_20230914_140655-1536x864.jpg 1536w, https:\/\/wildbach.test121085.test-account.com\/wp-content\/uploads\/2025\/06\/zum-wildbach_schierke_brocken_fahrradverleih_20230914_140655-2048x1152.jpg 2048w, https:\/\/wildbach.test121085.test-account.com\/wp-content\/uploads\/2025\/06\/zum-wildbach_schierke_brocken_fahrradverleih_20230914_140655-206x116.jpg 206w\" sizes=\"(max-width: 1024px) 100vw, 1024px\"><\/a><\/figure>\n\n\n\n<figure class=\"wp-block-image size-large\"><a href=\"https:\/\/wildbach.test121085.test-account.com\/wp-content\/uploads\/2025\/06\/zum-wildbach_schierke_brocken_fahrradverleih_20230913_124838-1024x576.jpg\"><img decoding=\"async\" width=\"1024\" height=\"576\" data-id=\"57306\" src=\"https:\/\/wildbach.test121085.test-account.com\/wp-content\/uploads\/2025\/06\/zum-wildbach_schierke_brocken_fahrradverleih_20230913_124838-1024x576.jpg\" alt=\"Hvid mountainbike p\u00e5 brolagt sti foran tr\u00e6er.\" class=\"wp-image-57306\" srcset=\"https:\/\/wildbach.test121085.test-account.com\/wp-content\/uploads\/2025\/06\/zum-wildbach_schierke_brocken_fahrradverleih_20230913_124838-1024x576.jpg 1024w, https:\/\/wildbach.test121085.test-account.com\/wp-content\/uploads\/2025\/06\/zum-wildbach_schierke_brocken_fahrradverleih_20230913_124838-300x169.jpg 300w, https:\/\/wildbach.test121085.test-account.com\/wp-content\/uploads\/2025\/06\/zum-wildbach_schierke_brocken_fahrradverleih_20230913_124838-768x432.jpg 768w, https:\/\/wildbach.test121085.test-account.com\/wp-content\/uploads\/2025\/06\/zum-wildbach_schierke_brocken_fahrradverleih_20230913_124838-1536x864.jpg 1536w, https:\/\/wildbach.test121085.test-account.com\/wp-content\/uploads\/2025\/06\/zum-wildbach_schierke_brocken_fahrradverleih_20230913_124838-2048x1152.jpg 2048w, https:\/\/wildbach.test121085.test-account.com\/wp-content\/uploads\/2025\/06\/zum-wildbach_schierke_brocken_fahrradverleih_20230913_124838-206x116.jpg 206w\" sizes=\"(max-width: 1024px) 100vw, 1024px\"><\/a><\/figure>\n\n\n\n<figure class=\"wp-block-image size-large\"><a href=\"https:\/\/wildbach.test121085.test-account.com\/wp-content\/uploads\/2025\/06\/zum-wildbach_schierke_brocken_fahrradverleih_20240609_122811-1024x576.jpg\"><img decoding=\"async\" width=\"1024\" height=\"576\" data-id=\"57302\" src=\"https:\/\/wildbach.test121085.test-account.com\/wp-content\/uploads\/2025\/06\/zum-wildbach_schierke_brocken_fahrradverleih_20240609_122811-1024x576.jpg\" alt=\"Mountainbike p\u00e5 brolagt sti i det gr\u00f8nne\" class=\"wp-image-57302\" srcset=\"https:\/\/wildbach.test121085.test-account.com\/wp-content\/uploads\/2025\/06\/zum-wildbach_schierke_brocken_fahrradverleih_20240609_122811-1024x576.jpg 1024w, https:\/\/wildbach.test121085.test-account.com\/wp-content\/uploads\/2025\/06\/zum-wildbach_schierke_brocken_fahrradverleih_20240609_122811-300x169.jpg 300w, https:\/\/wildbach.test121085.test-account.com\/wp-content\/uploads\/2025\/06\/zum-wildbach_schierke_brocken_fahrradverleih_20240609_122811-768x432.jpg 768w, https:\/\/wildbach.test121085.test-account.com\/wp-content\/uploads\/2025\/06\/zum-wildbach_schierke_brocken_fahrradverleih_20240609_122811-1536x864.jpg 1536w, https:\/\/wildbach.test121085.test-account.com\/wp-content\/uploads\/2025\/06\/zum-wildbach_schierke_brocken_fahrradverleih_20240609_122811-2048x1152.jpg 2048w, https:\/\/wildbach.test121085.test-account.com\/wp-content\/uploads\/2025\/06\/zum-wildbach_schierke_brocken_fahrradverleih_20240609_122811-206x116.jpg 206w\" sizes=\"(max-width: 1024px) 100vw, 1024px\"><\/a><\/figure>\n\n\n\n<figure class=\"wp-block-image size-large\"><a href=\"https:\/\/wildbach.test121085.test-account.com\/wp-content\/uploads\/2025\/06\/zum-wildbach_schierke_brocken_fahrradverleih_20240609_122721-1024x576.jpg\"><img decoding=\"async\" width=\"1024\" height=\"576\" data-id=\"57298\" src=\"https:\/\/wildbach.test121085.test-account.com\/wp-content\/uploads\/2025\/06\/zum-wildbach_schierke_brocken_fahrradverleih_20240609_122721-1024x576.jpg\" alt=\"Sort elcykel p\u00e5 cykelsti foran gr\u00f8n h\u00e6k.\" class=\"wp-image-57298\" srcset=\"https:\/\/wildbach.test121085.test-account.com\/wp-content\/uploads\/2025\/06\/zum-wildbach_schierke_brocken_fahrradverleih_20240609_122721-1024x576.jpg 1024w, https:\/\/wildbach.test121085.test-account.com\/wp-content\/uploads\/2025\/06\/zum-wildbach_schierke_brocken_fahrradverleih_20240609_122721-300x169.jpg 300w, https:\/\/wildbach.test121085.test-account.com\/wp-content\/uploads\/2025\/06\/zum-wildbach_schierke_brocken_fahrradverleih_20240609_122721-768x432.jpg 768w, https:\/\/wildbach.test121085.test-account.com\/wp-content\/uploads\/2025\/06\/zum-wildbach_schierke_brocken_fahrradverleih_20240609_122721-1536x864.jpg 1536w, https:\/\/wildbach.test121085.test-account.com\/wp-content\/uploads\/2025\/06\/zum-wildbach_schierke_brocken_fahrradverleih_20240609_122721-2048x1152.jpg 2048w, https:\/\/wildbach.test121085.test-account.com\/wp-content\/uploads\/2025\/06\/zum-wildbach_schierke_brocken_fahrradverleih_20240609_122721-206x116.jpg 206w\" sizes=\"(max-width: 1024px) 100vw, 1024px\"><\/a><\/figure>\n\n\n\n<figure class=\"wp-block-image size-large\"><a href=\"https:\/\/wildbach.test121085.test-account.com\/wp-content\/uploads\/2025\/06\/zum-wildbach_schierke_brocken_fahrradverleih_20240609_122042-1024x576.jpg\"><img decoding=\"async\" width=\"1024\" height=\"576\" data-id=\"57294\" src=\"https:\/\/wildbach.test121085.test-account.com\/wp-content\/uploads\/2025\/06\/zum-wildbach_schierke_brocken_fahrradverleih_20240609_122042-1024x576.jpg\" alt=\"R\u00f8d cykel i det gr\u00f8nne p\u00e5 brolagt sti.\" class=\"wp-image-57294\" srcset=\"https:\/\/wildbach.test121085.test-account.com\/wp-content\/uploads\/2025\/06\/zum-wildbach_schierke_brocken_fahrradverleih_20240609_122042-1024x576.jpg 1024w, https:\/\/wildbach.test121085.test-account.com\/wp-content\/uploads\/2025\/06\/zum-wildbach_schierke_brocken_fahrradverleih_20240609_122042-300x169.jpg 300w, https:\/\/wildbach.test121085.test-account.com\/wp-content\/uploads\/2025\/06\/zum-wildbach_schierke_brocken_fahrradverleih_20240609_122042-768x432.jpg 768w, https:\/\/wildbach.test121085.test-account.com\/wp-content\/uploads\/2025\/06\/zum-wildbach_schierke_brocken_fahrradverleih_20240609_122042-1536x864.jpg 1536w, https:\/\/wildbach.test121085.test-account.com\/wp-content\/uploads\/2025\/06\/zum-wildbach_schierke_brocken_fahrradverleih_20240609_122042-2048x1152.jpg 2048w, https:\/\/wildbach.test121085.test-account.com\/wp-content\/uploads\/2025\/06\/zum-wildbach_schierke_brocken_fahrradverleih_20240609_122042-206x116.jpg 206w\" sizes=\"(max-width: 1024px) 100vw, 1024px\"><\/a><\/figure>\n\n\n\n<figure class=\"wp-block-image size-large\"><a href=\"https:\/\/wildbach.test121085.test-account.com\/wp-content\/uploads\/2025\/06\/zum-wildbach_schierke_brocken_fahrradverleih_20240607_171525-1024x576.jpg\"><img decoding=\"async\" width=\"1024\" height=\"576\" data-id=\"57290\" src=\"https:\/\/wildbach.test121085.test-account.com\/wp-content\/uploads\/2025\/06\/zum-wildbach_schierke_brocken_fahrradverleih_20240607_171525-1024x576.jpg\" alt=\"Hvid mountainbike p\u00e5 brolagt sti i solskin.\" class=\"wp-image-57290\" srcset=\"https:\/\/wildbach.test121085.test-account.com\/wp-content\/uploads\/2025\/06\/zum-wildbach_schierke_brocken_fahrradverleih_20240607_171525-1024x576.jpg 1024w, https:\/\/wildbach.test121085.test-account.com\/wp-content\/uploads\/2025\/06\/zum-wildbach_schierke_brocken_fahrradverleih_20240607_171525-300x169.jpg 300w, https:\/\/wildbach.test121085.test-account.com\/wp-content\/uploads\/2025\/06\/zum-wildbach_schierke_brocken_fahrradverleih_20240607_171525-768x432.jpg 768w, https:\/\/wildbach.test121085.test-account.com\/wp-content\/uploads\/2025\/06\/zum-wildbach_schierke_brocken_fahrradverleih_20240607_171525-1536x864.jpg 1536w, https:\/\/wildbach.test121085.test-account.com\/wp-content\/uploads\/2025\/06\/zum-wildbach_schierke_brocken_fahrradverleih_20240607_171525-2048x1152.jpg 2048w, https:\/\/wildbach.test121085.test-account.com\/wp-content\/uploads\/2025\/06\/zum-wildbach_schierke_brocken_fahrradverleih_20240607_171525-206x116.jpg 206w\" sizes=\"(max-width: 1024px) 100vw, 1024px\"><\/a><\/figure>\n\n\n\n<figure class=\"wp-block-image size-large\"><a href=\"https:\/\/wildbach.test121085.test-account.com\/wp-content\/uploads\/2025\/06\/zum-wildbach_schierke_brocken_fahrradverleih_20230915_131819-1024x576.jpg\"><img decoding=\"async\" width=\"1024\" height=\"576\" data-id=\"57282\" src=\"https:\/\/wildbach.test121085.test-account.com\/wp-content\/uploads\/2025\/06\/zum-wildbach_schierke_brocken_fahrradverleih_20230915_131819-1024x576.jpg\" alt=\"Gr\u00f8n cykel p\u00e5 brolagt sti i naturen.\" class=\"wp-image-57282\" srcset=\"https:\/\/wildbach.test121085.test-account.com\/wp-content\/uploads\/2025\/06\/zum-wildbach_schierke_brocken_fahrradverleih_20230915_131819-1024x576.jpg 1024w, https:\/\/wildbach.test121085.test-account.com\/wp-content\/uploads\/2025\/06\/zum-wildbach_schierke_brocken_fahrradverleih_20230915_131819-300x169.jpg 300w, https:\/\/wildbach.test121085.test-account.com\/wp-content\/uploads\/2025\/06\/zum-wildbach_schierke_brocken_fahrradverleih_20230915_131819-768x432.jpg 768w, https:\/\/wildbach.test121085.test-account.com\/wp-content\/uploads\/2025\/06\/zum-wildbach_schierke_brocken_fahrradverleih_20230915_131819-1536x864.jpg 1536w, https:\/\/wildbach.test121085.test-account.com\/wp-content\/uploads\/2025\/06\/zum-wildbach_schierke_brocken_fahrradverleih_20230915_131819-2048x1152.jpg 2048w, https:\/\/wildbach.test121085.test-account.com\/wp-content\/uploads\/2025\/06\/zum-wildbach_schierke_brocken_fahrradverleih_20230915_131819-206x116.jpg 206w\" sizes=\"(max-width: 1024px) 100vw, 1024px\"><\/a><\/figure>\n\n\n\n<figure class=\"wp-block-image size-large\"><a href=\"https:\/\/wildbach.test121085.test-account.com\/wp-content\/uploads\/2025\/06\/zum-wildbach_schierke_brocken_fahrradverleih_20230915_131602-1024x576.jpg\"><img decoding=\"async\" width=\"1024\" height=\"576\" data-id=\"57278\" src=\"https:\/\/wildbach.test121085.test-account.com\/wp-content\/uploads\/2025\/06\/zum-wildbach_schierke_brocken_fahrradverleih_20230915_131602-1024x576.jpg\" alt=\"Mountainbike p\u00e5 brolagt sti ved siden af skov\" class=\"wp-image-57278\" srcset=\"https:\/\/wildbach.test121085.test-account.com\/wp-content\/uploads\/2025\/06\/zum-wildbach_schierke_brocken_fahrradverleih_20230915_131602-1024x576.jpg 1024w, https:\/\/wildbach.test121085.test-account.com\/wp-content\/uploads\/2025\/06\/zum-wildbach_schierke_brocken_fahrradverleih_20230915_131602-300x169.jpg 300w, https:\/\/wildbach.test121085.test-account.com\/wp-content\/uploads\/2025\/06\/zum-wildbach_schierke_brocken_fahrradverleih_20230915_131602-768x432.jpg 768w, https:\/\/wildbach.test121085.test-account.com\/wp-content\/uploads\/2025\/06\/zum-wildbach_schierke_brocken_fahrradverleih_20230915_131602-1536x864.jpg 1536w, https:\/\/wildbach.test121085.test-account.com\/wp-content\/uploads\/2025\/06\/zum-wildbach_schierke_brocken_fahrradverleih_20230915_131602-2048x1152.jpg 2048w, https:\/\/wildbach.test121085.test-account.com\/wp-content\/uploads\/2025\/06\/zum-wildbach_schierke_brocken_fahrradverleih_20230915_131602-206x116.jpg 206w\" sizes=\"(max-width: 1024px) 100vw, 1024px\"><\/a><\/figure>\n\n\n\n<figure class=\"wp-block-image size-large\"><a href=\"https:\/\/wildbach.test121085.test-account.com\/wp-content\/uploads\/2025\/06\/zum-wildbach_schierke_brocken_fahrradverleih_20230915_131512-1024x576.jpg\"><img decoding=\"async\" width=\"1024\" height=\"576\" data-id=\"57274\" src=\"https:\/\/wildbach.test121085.test-account.com\/wp-content\/uploads\/2025\/06\/zum-wildbach_schierke_brocken_fahrradverleih_20230915_131512-1024x576.jpg\" alt=\"Gr\u00f8n cykelanh\u00e6nger p\u00e5 fortov\" class=\"wp-image-57274\" srcset=\"https:\/\/wildbach.test121085.test-account.com\/wp-content\/uploads\/2025\/06\/zum-wildbach_schierke_brocken_fahrradverleih_20230915_131512-1024x576.jpg 1024w, https:\/\/wildbach.test121085.test-account.com\/wp-content\/uploads\/2025\/06\/zum-wildbach_schierke_brocken_fahrradverleih_20230915_131512-300x169.jpg 300w, https:\/\/wildbach.test121085.test-account.com\/wp-content\/uploads\/2025\/06\/zum-wildbach_schierke_brocken_fahrradverleih_20230915_131512-768x432.jpg 768w, https:\/\/wildbach.test121085.test-account.com\/wp-content\/uploads\/2025\/06\/zum-wildbach_schierke_brocken_fahrradverleih_20230915_131512-1536x864.jpg 1536w, https:\/\/wildbach.test121085.test-account.com\/wp-content\/uploads\/2025\/06\/zum-wildbach_schierke_brocken_fahrradverleih_20230915_131512-2048x1152.jpg 2048w, https:\/\/wildbach.test121085.test-account.com\/wp-content\/uploads\/2025\/06\/zum-wildbach_schierke_brocken_fahrradverleih_20230915_131512-206x116.jpg 206w\" sizes=\"(max-width: 1024px) 100vw, 1024px\"><\/a><\/figure>\n\n\n\n<figure class=\"wp-block-image size-large\"><a href=\"https:\/\/wildbach.test121085.test-account.com\/wp-content\/uploads\/2025\/06\/zum-wildbach_schierke_brocken_fahrradverleih_20230915_131435-1024x576.jpg\"><img decoding=\"async\" width=\"1024\" height=\"576\" data-id=\"57270\" src=\"https:\/\/wildbach.test121085.test-account.com\/wp-content\/uploads\/2025\/06\/zum-wildbach_schierke_brocken_fahrradverleih_20230915_131435-1024x576.jpg\" alt=\"Brun cykelanh\u00e6nger p\u00e5 brolagt sti udend\u00f8rs\" class=\"wp-image-57270\" srcset=\"https:\/\/wildbach.test121085.test-account.com\/wp-content\/uploads\/2025\/06\/zum-wildbach_schierke_brocken_fahrradverleih_20230915_131435-1024x576.jpg 1024w, https:\/\/wildbach.test121085.test-account.com\/wp-content\/uploads\/2025\/06\/zum-wildbach_schierke_brocken_fahrradverleih_20230915_131435-300x169.jpg 300w, https:\/\/wildbach.test121085.test-account.com\/wp-content\/uploads\/2025\/06\/zum-wildbach_schierke_brocken_fahrradverleih_20230915_131435-768x432.jpg 768w, https:\/\/wildbach.test121085.test-account.com\/wp-content\/uploads\/2025\/06\/zum-wildbach_schierke_brocken_fahrradverleih_20230915_131435-1536x864.jpg 1536w, https:\/\/wildbach.test121085.test-account.com\/wp-content\/uploads\/2025\/06\/zum-wildbach_schierke_brocken_fahrradverleih_20230915_131435-2048x1152.jpg 2048w, https:\/\/wildbach.test121085.test-account.com\/wp-content\/uploads\/2025\/06\/zum-wildbach_schierke_brocken_fahrradverleih_20230915_131435-206x116.jpg 206w\" sizes=\"(max-width: 1024px) 100vw, 1024px\"><\/a><\/figure>\n\n\n\n<figure class=\"wp-block-image size-large\"><a href=\"https:\/\/wildbach.test121085.test-account.com\/wp-content\/uploads\/2025\/06\/zum-wildbach_schierke_brocken_fahrradverleih_20230915_132147-1024x576.jpg\"><img decoding=\"async\" width=\"1024\" height=\"576\" data-id=\"57286\" src=\"https:\/\/wildbach.test121085.test-account.com\/wp-content\/uploads\/2025\/06\/zum-wildbach_schierke_brocken_fahrradverleih_20230915_132147-1024x576.jpg\" alt=\"Tr\u00e6vogn i vejkanten p\u00e5 brosten\" class=\"wp-image-57286\" srcset=\"https:\/\/wildbach.test121085.test-account.com\/wp-content\/uploads\/2025\/06\/zum-wildbach_schierke_brocken_fahrradverleih_20230915_132147-1024x576.jpg 1024w, https:\/\/wildbach.test121085.test-account.com\/wp-content\/uploads\/2025\/06\/zum-wildbach_schierke_brocken_fahrradverleih_20230915_132147-300x169.jpg 300w, https:\/\/wildbach.test121085.test-account.com\/wp-content\/uploads\/2025\/06\/zum-wildbach_schierke_brocken_fahrradverleih_20230915_132147-768x432.jpg 768w, https:\/\/wildbach.test121085.test-account.com\/wp-content\/uploads\/2025\/06\/zum-wildbach_schierke_brocken_fahrradverleih_20230915_132147-1536x864.jpg 1536w, https:\/\/wildbach.test121085.test-account.com\/wp-content\/uploads\/2025\/06\/zum-wildbach_schierke_brocken_fahrradverleih_20230915_132147-2048x1152.jpg 2048w, https:\/\/wildbach.test121085.test-account.com\/wp-content\/uploads\/2025\/06\/zum-wildbach_schierke_brocken_fahrradverleih_20230915_132147-206x116.jpg 206w\" sizes=\"(max-width: 1024px) 100vw, 1024px\"><\/a><\/figure>\n<\/figure>\n\n\n<div class=\"tpgb-empty-space tpgb-block-c49e5d_46 \"><\/div>\n\n\n<p>\u2026 eller ring til&nbsp;os:<\/p>\n\n\n\n<div class=\"wp-block-buttons is-layout-flex wp-container-core-buttons-is-layout-168ce233 wp-block-buttons-is-layout-flex\">\n<div class=\"wp-block-button\"><a class=\"wp-block-button__link wp-element-button\" href=\"tel:+4939455589970\">Telefon 03 94 55 \/ 58 99&nbsp;70&nbsp;<\/a><\/div>\n<\/div>\n<\/div><\/div><\/div>\n<\/div><\/div>\n\n\n<div class=\"tpgb-empty-space tpgb-block-f27ab4_46 \"><\/div>\n\n\n<div class=\"wp-block-stackable-columns stk-block-columns stk-block stk-272aefc stk-block-background\" data-block-id=\"272aefc\"><style>.stk-272aefc {background-color:var(--theme-palette-color-2, #497e40) !important;border-radius:3px !important;padding-top:0px !important;padding-right:0px !important;padding-bottom:0px !important;padding-left:0px !important;margin-bottom:0px !important;z-index:0 !important;overflow:visible !important;}.stk-272aefc:before{background-color:var(--theme-palette-color-2, #497e40) !important;}.stk-272aefc .stk-container{overflow:visible !important;}.stk-272aefc-column{row-gap:40px !important;}<\/style><div class=\"stk-row stk-inner-blocks stk-block-content stk-content-align stk-272aefc-column alignfull\">\n<div class=\"wp-block-stackable-column stk-block-column stk-column stk-block stk-b97f5ab stk-block-background stk--has-background-overlay\" data-v=\"4\" data-block-id=\"b97f5ab\"><style>.stk-b97f5ab-container{margin-top:0px !important;margin-right:0px !important;margin-bottom:0px !important;margin-left:0px !important;}.stk-b97f5ab {background-color:var(--theme-palette-color-6, #e4e4e4) !important;background-image:url(https:\/\/wildbach.test121085.test-account.com\/wp-content\/uploads\/2023\/03\/20190824-DSC03977_web.jpg) !important;padding-top:0px !important;padding-right:0px !important;padding-bottom:0px !important;padding-left:0px !important;overflow:visible !important;}.stk-b97f5ab:before{background-color:var(--theme-palette-color-6, #e4e4e4) !important;opacity:0 !important;}.stk-b97f5ab .stk-container{overflow:visible !important;}@media screen and (min-width:690px){.stk-b97f5ab {flex:var(--stk-flex-grow, 1) 1 calc(75% - var(--stk-column-gap, 0px) * 1 \/ 2 ) !important;}}@media screen and (min-width:690px) and (max-width:998px){.stk-b97f5ab {flex:var(--stk-flex-grow, 1) 1 calc(100% - var(--stk-column-gap, 0px) * 0 \/ 1 ) !important;}}<\/style><div class=\"stk-column-wrapper stk-block-column__content stk-container stk-b97f5ab-container stk--no-background stk--no-padding\"><div class=\"stk-block-content stk-inner-blocks stk-b97f5ab-inner-blocks\"><\/div><\/div><\/div>\n\n\n\n<div class=\"wp-block-stackable-column stk-block-column stk-column stk-block stk-1afec6e\" data-v=\"4\" data-block-id=\"1afec6e\"><style>.stk-1afec6e-container{margin-top:48px !important;margin-right:48px !important;margin-bottom:48px !important;margin-left:48px !important;background-color:transparent !important;border-radius:3px !important;overflow:hidden !important;padding-top:0px !important;padding-right:0px !important;padding-bottom:0px !important;padding-left:0px !important;}.stk-1afec6e {align-self:flex-start !important;z-index:1 !important;}.stk-1afec6e-container:before{background-color:transparent !important;}@media screen and (min-width:690px){.stk-1afec6e {flex:var(--stk-flex-grow, 1) 1 calc(25% - var(--stk-column-gap, 0px) * 1 \/ 2 ) !important;}}@media screen and (min-width:690px) and (max-width:998px){.stk-1afec6e {flex:var(--stk-flex-grow, 1) 1 calc(100% - var(--stk-column-gap, 0px) * 0 \/ 1 ) !important;}}<\/style><div class=\"stk-column-wrapper stk-block-column__content stk-container stk-1afec6e-container stk-hover-parent\"><div class=\"stk-block-content stk-inner-blocks stk-1afec6e-inner-blocks\">\n<p class=\"has-palette-color-7-color has-text-color\">Ur\u00f8rt natur, fanta\u00adsti\u00adske stier og spor samt brusende bjerg\u00adb\u00e6kke g\u00f8r cykel\u00adtu\u00adren til en fanta\u00adstisk oplevelse i din ferie. Schierke og den tilst\u00f8\u00adde\u00adnde Natio\u00adnal\u00adpark Harz er ber\u00f8mt og kendt blandt alle naturel\u00adskere p\u00e5 grund af skove\u00adnes mangfol\u00addig\u00adhed. En tur til Brocken p\u00e5 cykel er et&nbsp;must.<\/p>\n\n\n\n<p class=\"has-palette-color-7-color has-text-color\">Om vinte\u00adren byder Schierke p\u00e5 ideelle forhold til langrend. Hos os finder du et vinter\u00adsport\u00ads\u00adom\u00adr\u00e5de med pr\u00e6pa\u00adre\u00adrede l\u00f8jper, flere k\u00e6lke\u00adbak\u00adker og talrige mulig\u00adhe\u00adder for vintervandring.<\/p>\n<\/div><\/div><\/div>\n<\/div><\/div>\n\n\n\n<div class=\"wp-block-stackable-columns stk-block-columns stk-block stk-e627357 stk-block-background\" data-block-id=\"e627357\"><style>.stk-e627357 {background-color:var(--theme-palette-color-1, #dfa516) !important;border-radius:3px !important;padding-top:24px !important;padding-right:24px !important;padding-bottom:24px !important;padding-left:24px !important;margin-bottom:0px !important;z-index:0 !important;overflow:visible !important;}.stk-e627357:before{background-color:var(--theme-palette-color-1, #dfa516) !important;}.stk-e627357 .stk-container{overflow:visible !important;}.stk-e627357-column{--stk-column-gap:80px !important;row-gap:40px !important;}<\/style><div class=\"stk-row stk-inner-blocks stk-block-content stk-content-align stk-e627357-column alignfull\">\n<div class=\"wp-block-stackable-column stk-block-column stk-column stk-block stk-1844e1f\" data-v=\"4\" data-block-id=\"1844e1f\"><style>.stk-1844e1f-container{margin-top:0px !important;margin-right:auto !important;margin-bottom:0px !important;margin-left:0px !important;background-color:transparent !important;border-top-left-radius:3px !important;border-top-right-radius:3px !important;border-bottom-right-radius:3px !important;border-bottom-left-radius:3px !important;overflow:hidden !important;box-shadow:none !important;max-width:500px !important;min-width:auto !important;padding-top:0px !important;padding-right:0px !important;padding-bottom:0px !important;padding-left:0px !important;}.stk-1844e1f-container:before{background-color:transparent !important;}@media screen and (min-width:690px){.stk-1844e1f {flex:var(--stk-flex-grow, 1) 1 calc(50% - var(--stk-column-gap, 0px) * 1 \/ 2 ) !important;}}@media screen and (min-width:690px) and (max-width:998px){.stk-1844e1f {flex:var(--stk-flex-grow, 1) 1 calc(100% - var(--stk-column-gap, 0px) * 0 \/ 1 ) !important;}}<\/style><div class=\"stk-column-wrapper stk-block-column__content stk-container stk-1844e1f-container stk-hover-parent\"><div class=\"stk-block-content stk-inner-blocks stk-1844e1f-inner-blocks\">\n<h4 class=\"wp-block-heading\"><strong>Tip: <\/strong><br><strong>Vores yndlingstur omkring Schierke<\/strong><\/h4>\n\n\n\n<p>Kender du allerede alle klipperne omkring Schierke? <br>Mange af disse barske og smukke forma\u00adtio\u00adner kan erobres p\u00e5 den tohju\u00adlede, hvor man kan nyde den smukke udsigt over Schierke og Harzen.&nbsp;<\/p>\n\n\n\n<p><strong>F\u00f8lg os!<\/strong><\/p>\n<\/div><\/div><\/div>\n\n\n\n<div class=\"wp-block-stackable-column stk-block-column stk-column stk-block stk-ee4400d\" data-v=\"4\" data-block-id=\"ee4400d\"><style>.stk-ee4400d-container{margin-top:0px !important;margin-right:0px !important;margin-bottom:0px !important;margin-left:0px !important;}.stk-ee4400d {overflow:visible !important;}.stk-ee4400d .stk-container{overflow:visible !important;}@media screen and (min-width:690px){.stk-ee4400d {flex:var(--stk-flex-grow, 1) 1 calc(50% - var(--stk-column-gap, 0px) * 1 \/ 2 ) !important;}}@media screen and (min-width:690px) and (max-width:998px){.stk-ee4400d {flex:var(--stk-flex-grow, 1) 1 calc(100% - var(--stk-column-gap, 0px) * 0 \/ 1 ) !important;}}<\/style><div class=\"stk-column-wrapper stk-block-column__content stk-container stk-ee4400d-container stk--no-background stk--no-padding\"><div class=\"has-text-align-left stk-block-content stk-inner-blocks stk-ee4400d-inner-blocks\"><lord-icon src=\"\/wp-content\/uploads\/2023\/02\/859-bicycle-3-outline.json\" trigger=\"loop\" style=\"width:160px;height:160px;\" class=\"header-iconbox\" delay=\"1000\"><\/lord-icon>\n\n\n<p class=\"has-text-align-left has-small-font-size\">Ferie\u00adan\u00adl\u00e6g \u201eZum Wildbach\u201c \u2013 Bahnhof Schierke \u2013 Spinne \u2013 Glash\u00fct\u00adtenweg \u2013 Erdbe\u00ader\u00adkopf \u2013 Ahrens\u00adkl\u00adint \u2013 Schulungs\u00adklippe \u2013 Kapelle videre til Brock\u00adenkin\u00addern \u2013 Urwald\u00adstieg \u2013 Brock\u00aden\u00adstra\u00dfe mod Brocken \u2013 afk\u00f8r\u00adsel Goetheweg eller op p\u00e5 vores lokale bjerg Brocken \u2013 Dreieck\u00adi\u00adger Pfahl \u2013 Ulmer Weg via Loipen\u00adhaus \u2013 Spech\u00adtweg \u2013 Gestel\u00adlweg \u2013 Schnar\u00adcher\u00adklip\u00adpen \u2013 Mause\u00adklip\u00adpen \u2013 ferie\u00adan\u00adl\u00e6g \u201eZum Wildbach\u201c<\/p>\n<\/div><\/div><\/div>\n<\/div><\/div>\n\n\n\n<iframe src=\"https:\/\/www.komoot.de\/tour\/1058867531\/embed?profile=1\" width=\"100%\" height=\"700\" frameborder=\"0\" scrolling=\"no\"><\/iframe>\n\n\n\n<p>Vi har mange <strong>flere turfor\u00adslag<\/strong> klar til dig p\u00e5 foresp\u00f8rgsel.<\/p>\n\n\n<div class=\"tpgb-empty-space tpgb-block-b190e4_46 \"><\/div>\n\n\n<div class=\"wp-block-stackable-image stk-block-image stk-block stk-d96f87c\" data-block-id=\"d96f87c\"><style>.stk-d96f87c {max-width:40% !important;min-width:auto !important;margin-right:auto !important;margin-bottom:-3% !important;margin-left:auto !important;z-index:10 !important;}.stk-d96f87c .stk-img-wrapper img{object-position:50% 100% !important;}<\/style><figure><span class=\"stk-img-wrapper stk-image--shape-stretch\"><img decoding=\"async\" class=\"stk-img wp-image-7597\" src=\"https:\/\/wildbach.test121085.test-account.com\/wp-content\/uploads\/2023\/02\/Baeume-2.webp\" width=\"2048\" height=\"707\" alt=\"Tr\u00e6er\" srcset=\"https:\/\/wildbach.test121085.test-account.com\/wp-content\/uploads\/2023\/02\/Baeume-2.webp 2048w, https:\/\/wildbach.test121085.test-account.com\/wp-content\/uploads\/2023\/02\/Baeume-2-300x104.webp 300w, https:\/\/wildbach.test121085.test-account.com\/wp-content\/uploads\/2023\/02\/Baeume-2-1024x354.webp 1024w, https:\/\/wildbach.test121085.test-account.com\/wp-content\/uploads\/2023\/02\/Baeume-2-768x265.webp 768w, https:\/\/wildbach.test121085.test-account.com\/wp-content\/uploads\/2023\/02\/Baeume-2-1536x530.webp 1536w, https:\/\/wildbach.test121085.test-account.com\/wp-content\/uploads\/2023\/02\/Baeume-2-1600x552.webp 1600w\" sizes=\"(max-width: 2048px) 100vw, 2048px\"><\/span><\/figure><\/div>\n<\/div><\/div><\/div>\n<\/div><\/div>\n","protected":false},"excerpt":{"rendered":"<p>Udlej\u00adning af mountain\u00adbi\u00adkes, elcyk\u00adler, langrends\u00adski &amp;&nbsp;k\u00e6lke Vores udlej\u00adnings\u00adsta\u00adtion har forskel\u00adlige tilbud til dig afh\u00e6n\u00adgigt af \u00e5rsti\u00adden. Alt efter \u00e5rstid og vejr stiller vi forskel\u00adlige mountain\u00adbi\u00adkes &amp; e\u2011mountainbikes, e\u2011trekkingcykler, vandre\u00adstave eller langrends\u00adski &amp; k\u00e6lke til r\u00e5dig\u00adhed for en uforg\u00adlem\u00adme\u00adlig sport\u00ads\u00adlig&nbsp;dag. Derud\u00adover kan du leje trailere til b\u00f8rn eller firbe\u00adnede venner samt tr\u00e6kvogne. Cykel- og vandre\u00adkort&nbsp;kan&nbsp;[\u2026]<\/p>\n","protected":false},"author":1,"featured_media":57307,"parent":0,"menu_order":5,"comment_status":"closed","ping_status":"closed","template":"","meta":{"tpgb_global_settings":"","_eb_attr":"","wp_typography_post_enhancements_disabled":false,"footnotes":""},"class_list":["post-21336","page","type-page","status-publish","has-post-thumbnail","hentry"],"blocksy_meta":{"has_hero_section":"default"},"tpgb_featured_images":{"full":["https:\/\/wildbach.test121085.test-account.com\/wp-content\/uploads\/2025\/06\/zum-wildbach_schierke_brocken_fahrradverleih_20230913_124838.jpg",2133,1200,false],"tp-image-grid":["https:\/\/wildbach.test121085.test-account.com\/wp-content\/uploads\/2025\/06\/zum-wildbach_schierke_brocken_fahrradverleih_20230913_124838-700x700.jpg",700,700,true],"thumbnail":["https:\/\/wildbach.test121085.test-account.com\/wp-content\/uploads\/2025\/06\/zum-wildbach_schierke_brocken_fahrradverleih_20230913_124838-150x150.jpg",150,150,true],"medium":["https:\/\/wildbach.test121085.test-account.com\/wp-content\/uploads\/2025\/06\/zum-wildbach_schierke_brocken_fahrradverleih_20230913_124838-300x169.jpg",300,169,true],"medium_large":["https:\/\/wildbach.test121085.test-account.com\/wp-content\/uploads\/2025\/06\/zum-wildbach_schierke_brocken_fahrradverleih_20230913_124838-768x432.jpg",768,432,true],"large":["https:\/\/wildbach.test121085.test-account.com\/wp-content\/uploads\/2025\/06\/zum-wildbach_schierke_brocken_fahrradverleih_20230913_124838-1024x576.jpg",1024,576,true],"default":"https:\/\/wildbach.test121085.test-account.com\/wp-content\/plugins\/the-plus-addons-for-block-editor\/assets\/images\/tpgb-placeholder.jpg"},"tpgb_post_meta_info":{"get_date":"16. februar 2023","get_modified_date":"18. februar 2026","author_name":"Torsten Wagner","author_url":"https:\/\/wildbach.test121085.test-account.com\/da\/author\/torsten","author_email":"admin@wagnergraphics.de","author_website":"https:\/\/wildbach.test121085.test-account.com","author_description":"","author_facebook":"","author_twitter":"","author_instagram":"","author_role":["administrator"],"author_firstname":"Torsten","author_lastname":"Wagner","user_login":"Torsten","comment_count":0,"post_likes":0,"post_views":0},"tpgb_post_category":[],"_links":{"self":[{"href":"https:\/\/wildbach.test121085.test-account.com\/da\/wp-json\/wp\/v2\/pages\/21336","targetHints":{"allow":["GET"]}}],"collection":[{"href":"https:\/\/wildbach.test121085.test-account.com\/da\/wp-json\/wp\/v2\/pages"}],"about":[{"href":"https:\/\/wildbach.test121085.test-account.com\/da\/wp-json\/wp\/v2\/types\/page"}],"author":[{"embeddable":true,"href":"https:\/\/wildbach.test121085.test-account.com\/da\/wp-json\/wp\/v2\/users\/1"}],"replies":[{"embeddable":true,"href":"https:\/\/wildbach.test121085.test-account.com\/da\/wp-json\/wp\/v2\/comments?post=21336"}],"version-history":[{"count":11,"href":"https:\/\/wildbach.test121085.test-account.com\/da\/wp-json\/wp\/v2\/pages\/21336\/revisions"}],"predecessor-version":[{"id":87471,"href":"https:\/\/wildbach.test121085.test-account.com\/da\/wp-json\/wp\/v2\/pages\/21336\/revisions\/87471"}],"wp:featuredmedia":[{"embeddable":true,"href":"https:\/\/wildbach.test121085.test-account.com\/da\/wp-json\/wp\/v2\/media\/57307"}],"wp:attachment":[{"href":"https:\/\/wildbach.test121085.test-account.com\/da\/wp-json\/wp\/v2\/media?parent=21336"}],"curies":[{"name":"wp","href":"https:\/\/api.w.org\/{rel}","templated":true}]}}